{"id":32,"date":"2024-04-10T09:39:59","date_gmt":"2024-04-10T07:39:59","guid":{"rendered":"https:\/\/elzbieta-beaujard.com\/index.php\/our-story\/"},"modified":"2026-03-04T16:25:35","modified_gmt":"2026-03-04T15:25:35","slug":"biographie","status":"publish","type":"page","link":"https:\/\/elzbieta-beaujard.com\/index.php\/biographie\/","title":{"rendered":"Biographie"},"content":{"rendered":"\t\t<div data-elementor-type=\"wp-page\" data-elementor-id=\"32\" class=\"elementor elementor-32\">\n\t\t\t\t<div class=\"elementor-element elementor-element-47a8853c e-con-full e-flex e-con e-parent\" data-id=\"47a8853c\" data-element_type=\"container\" data-e-type=\"container\">\n\t\t<div class=\"elementor-element elementor-element-17565af1 e-con-full e-flex e-con e-child\" data-id=\"17565af1\" data-element_type=\"container\" data-e-type=\"container\" data-settings=\"{&quot;background_background&quot;:&quot;classic&quot;}\">\n\t\t\t\t<\/div>\n\t\t<div class=\"elementor-element elementor-element-8734fb e-con-full e-flex e-con e-child\" data-id=\"8734fb\" data-element_type=\"container\" data-e-type=\"container\">\n\t\t\t\t<div class=\"elementor-element elementor-element-12836e92 elementor-widget elementor-widget-heading\" data-id=\"12836e92\" data-element_type=\"widget\" data-e-type=\"widget\" data-widget_type=\"heading.default\">\n\t\t\t\t<div class=\"elementor-widget-container\">\n\t\t\t\t\t<h6 class=\"elementor-heading-title elementor-size-default\">quelques mots de pr\u00e9sentation<\/h6>\t\t\t\t<\/div>\n\t\t\t\t<\/div>\n\t\t\t\t<div class=\"elementor-element elementor-element-3fd0410 elementor-widget elementor-widget-heading\" data-id=\"3fd0410\" data-element_type=\"widget\" data-e-type=\"widget\" data-widget_type=\"heading.default\">\n\t\t\t\t<div class=\"elementor-widget-container\">\n\t\t\t\t\t<h1 class=\"elementor-heading-title elementor-size-default\">Mon histoire<\/h1>\t\t\t\t<\/div>\n\t\t\t\t<\/div>\n\t\t\t\t<div class=\"elementor-element elementor-element-662ba29b elementor-invisible elementor-widget elementor-widget-text-editor\" data-id=\"662ba29b\" data-element_type=\"widget\" data-e-type=\"widget\" data-settings=\"{&quot;_animation&quot;:&quot;fadeIn&quot;,&quot;_animation_delay&quot;:400}\" data-widget_type=\"text-editor.default\">\n\t\t\t\t<div class=\"elementor-widget-container\">\n\t\t\t\t\t\t\t\t\t<p>N\u00e9e en Pologne en 1952, je suis arriv\u00e9e en France en 1974 et depuis 2013 j&rsquo;habite dans le Loiret.<\/p><p>Deux passions ont toujours guid\u00e9 mes choix : l\u2019\u00e9criture et le dessin. L\u2019une nourrissant l\u2019autre. Apr\u00e8s des \u00e9tudes de journalisme, j\u2019ai travaill\u00e9 dans la communication au sein d&rsquo;entreprises associatives o\u00f9 je pouvais \u00e9galement exercer ma sensibilit\u00e9 artistique. Je pratique le dessin et le pastel depuis quarante ans.<\/p><p>J\u2019ai commenc\u00e9 \u00e0 peindre en 2011 et ce fut un d\u00e9clic. J\u2019ai troqu\u00e9 mes dessins sages et mes pastels doux contre les toiles en acrylique. Mes compositions ont gagn\u00e9 en dynamique par les formes et une abondance des couleurs.<\/p><p>Je tiens aux graphismes, \u00e0 la composition harmonieuse et \u00e0 l\u2019aspect d\u00e9coratif de ma peinture, influenc\u00e9s par Stanis\u0142aw Wyspia\u0144ski, pastelliste et peintre polonais de la S\u00e9cession qui a accompagn\u00e9 ma jeunesse.<\/p>\t\t\t\t\t\t\t\t<\/div>\n\t\t\t\t<\/div>\n\t\t\t\t<\/div>\n\t\t\t\t<\/div>\n\t\t<div class=\"elementor-element elementor-element-b84a152 e-con-full e-flex e-con e-parent\" data-id=\"b84a152\" data-element_type=\"container\" data-e-type=\"container\">\n\t\t\t\t<div class=\"elementor-element elementor-element-b6bffc4 elementor-widget elementor-widget-spacer\" data-id=\"b6bffc4\" data-element_type=\"widget\" data-e-type=\"widget\" data-widget_type=\"spacer.default\">\n\t\t\t\t<div class=\"elementor-widget-container\">\n\t\t\t\t\t\t\t<div class=\"elementor-spacer\">\n\t\t\t<div class=\"elementor-spacer-inner\"><\/div>\n\t\t<\/div>\n\t\t\t\t\t\t<\/div>\n\t\t\t\t<\/div>\n\t\t\t\t<\/div>\n\t\t<div class=\"elementor-element elementor-element-9521725 e-con-full e-flex e-con e-parent\" data-id=\"9521725\" data-element_type=\"container\" data-e-type=\"container\">\n\t\t\t\t<div class=\"elementor-element elementor-element-eb2a106 elementor-widget elementor-widget-text-editor\" data-id=\"eb2a106\" data-element_type=\"widget\" data-e-type=\"widget\" data-widget_type=\"text-editor.default\">\n\t\t\t\t<div class=\"elementor-widget-container\">\n\t\t\t\t\t\t\t\t\t<h4>Peindre est un travail solitaire, tout comme \u00e9crire.<br \/>La feuille ou la toile blanche est pour moi un myst\u00e8re.<br \/>Sa puret\u00e9 m\u2019inspire et demande de donner le meilleur de moi-m\u00eame.<\/h4>\t\t\t\t\t\t\t\t<\/div>\n\t\t\t\t<\/div>\n\t\t\t\t<div class=\"elementor-element elementor-element-58843d5 elementor-widget elementor-widget-spacer\" data-id=\"58843d5\" data-element_type=\"widget\" data-e-type=\"widget\" data-widget_type=\"spacer.default\">\n\t\t\t\t<div class=\"elementor-widget-container\">\n\t\t\t\t\t\t\t<div class=\"elementor-spacer\">\n\t\t\t<div class=\"elementor-spacer-inner\"><\/div>\n\t\t<\/div>\n\t\t\t\t\t\t<\/div>\n\t\t\t\t<\/div>\n\t\t\t\t<\/div>\n\t\t<div class=\"elementor-element elementor-element-4a53060e e-flex e-con-boxed e-con e-parent\" data-id=\"4a53060e\" data-element_type=\"container\" data-e-type=\"container\" data-settings=\"{&quot;background_background&quot;:&quot;classic&quot;}\">\n\t\t\t\t\t<div class=\"e-con-inner\">\n\t\t\t\t<div class=\"elementor-element elementor-element-3627ca7 elementor-widget elementor-widget-spacer\" data-id=\"3627ca7\" data-element_type=\"widget\" data-e-type=\"widget\" data-widget_type=\"spacer.default\">\n\t\t\t\t<div class=\"elementor-widget-container\">\n\t\t\t\t\t\t\t<div class=\"elementor-spacer\">\n\t\t\t<div class=\"elementor-spacer-inner\"><\/div>\n\t\t<\/div>\n\t\t\t\t\t\t<\/div>\n\t\t\t\t<\/div>\n\t\t\t\t<div class=\"elementor-element elementor-element-2258865a elementor-widget elementor-widget-heading\" data-id=\"2258865a\" data-element_type=\"widget\" data-e-type=\"widget\" data-widget_type=\"heading.default\">\n\t\t\t\t<div class=\"elementor-widget-container\">\n\t\t\t\t\t<h6 class=\"elementor-heading-title elementor-size-default\">biographie<\/h6>\t\t\t\t<\/div>\n\t\t\t\t<\/div>\n\t\t\t\t<div class=\"elementor-element elementor-element-5dfa86f3 elementor-widget elementor-widget-heading\" data-id=\"5dfa86f3\" data-element_type=\"widget\" data-e-type=\"widget\" data-widget_type=\"heading.default\">\n\t\t\t\t<div class=\"elementor-widget-container\">\n\t\t\t\t\t<h1 class=\"elementor-heading-title elementor-size-default\">Expositions<\/h1>\t\t\t\t<\/div>\n\t\t\t\t<\/div>\n\t\t\t\t<div class=\"elementor-element elementor-element-8837b28 elementor-widget elementor-widget-spacer\" data-id=\"8837b28\" data-element_type=\"widget\" data-e-type=\"widget\" data-widget_type=\"spacer.default\">\n\t\t\t\t<div class=\"elementor-widget-container\">\n\t\t\t\t\t\t\t<div class=\"elementor-spacer\">\n\t\t\t<div class=\"elementor-spacer-inner\"><\/div>\n\t\t<\/div>\n\t\t\t\t\t\t<\/div>\n\t\t\t\t<\/div>\n\t\t\t\t<div class=\"elementor-element elementor-element-810740b elementor-widget elementor-widget-heading\" data-id=\"810740b\" data-element_type=\"widget\" data-e-type=\"widget\" data-widget_type=\"heading.default\">\n\t\t\t\t<div class=\"elementor-widget-container\">\n\t\t\t\t\t<h6 class=\"elementor-heading-title elementor-size-default\">EXPOSITIONS PERSONNELLES<\/h6>\t\t\t\t<\/div>\n\t\t\t\t<\/div>\n\t\t\t\t<div class=\"elementor-element elementor-element-b0124b0 elementor-invisible elementor-widget elementor-widget-text-editor\" data-id=\"b0124b0\" data-element_type=\"widget\" data-e-type=\"widget\" data-settings=\"{&quot;_animation&quot;:&quot;fadeIn&quot;,&quot;_animation_delay&quot;:400}\" data-widget_type=\"text-editor.default\">\n\t\t\t\t<div class=\"elementor-widget-container\">\n\t\t\t\t\t\t\t\t\t<h5>2026<\/h5><ul><li>\u00ab\u00a0Je voudrais \u00eatre un arbre\u00a0\u00bb, La Galerie, Viroflay (78)<\/li><\/ul><h5>2025<\/h5><ul><li>Portes ouvertes des Ateliers d\u2019Artistes<\/li><li>Animation d\u2019un atelier Carnet de Voyage, M\u00e9diath\u00e8que La Monnaye, Meung-sur-Loire<\/li><\/ul><h5>2024<\/h5><ul><li>Portes ouvertes des Ateliers d\u2019Artistes<\/li><li>Tandem Caf\u00e9 \u00e0 Meung sur Loire<\/li><\/ul><h5>2023<\/h5><ul><li>Dialogue avec la po\u00e9sie \u00e0 Nohant, face \u00e0 la maison de George Sand<br \/><em>Durant l&rsquo;exposition une conf\u00e9rence sur la po\u00e8te polonaise Wislawa Szymborska, prix Nobel de litt\u00e9rature<\/em><\/li><li>Dialogue avec la po\u00e9sie \u00e0 Huisseau sur Mauves<br \/><em>Durant l&rsquo;exposition un atelier d&rsquo;\u00e9criture de ha\u00efkus et leurs illustrations avec les r\u00e9sidents de l&rsquo;Ehpad,r\u00e9sidence du Parc<\/em><\/li><li>Dialogues avec la po\u00e9sie \u00e0 Ingr\u00e9 (45)<\/li><\/ul><h5><strong>2022<\/strong><\/h5><ul><li>Dialogues &#8211; Espace culturel La Monnaye \u00e0 Meung-sur-Loire (45) &#8211; en duo avec Jean-Marc Pr\u00e9vault<\/li><li>R\u00e9inventer le paysage de la Renaissance \u00e0 la r\u00e9sidence Arpavie La Cigogne \u00e0 Orl\u00e9ans<\/li><li>Exposition (vide atelier d&rsquo;artiste) &#8211; Caf\u00e9 2 la Mairie \u00e0 Lailly en Val (45)<\/li><li>Galerie Pellieux \u00e0 Beaugency (45) &#8211; en duo avec Tatiana Kozlova<\/li><\/ul><h5>2019<\/h5><ul><li>Le Parc des Mauves \u00e0 Huisseau-sur-Mauves (45)<\/li><\/ul><h5>2018<\/h5><ul><li>Biennale Art contemporain en Beauce (45)<\/li><\/ul><h5>2017<\/h5><ul><li>Le Parc des Mauves \u00e0 Huisseau-sur-Mauves (45)<\/li><li>Galerie Booz \u00e0 Beaugency (45)<\/li><li>Villa Quincy (18)<\/li><li>M\u00e9diath\u00e8que Marcel Proust \u00e0 Patay (45)<\/li><\/ul><h5>2016<\/h5><ul><li>Galerie l\u2019OEil Vagabond \u00e0 Meung-sur-Loire (45)<\/li><\/ul>\t\t\t\t\t\t\t\t<\/div>\n\t\t\t\t<\/div>\n\t\t\t\t<div class=\"elementor-element elementor-element-5d9283d elementor-widget elementor-widget-spacer\" data-id=\"5d9283d\" data-element_type=\"widget\" data-e-type=\"widget\" data-widget_type=\"spacer.default\">\n\t\t\t\t<div class=\"elementor-widget-container\">\n\t\t\t\t\t\t\t<div class=\"elementor-spacer\">\n\t\t\t<div class=\"elementor-spacer-inner\"><\/div>\n\t\t<\/div>\n\t\t\t\t\t\t<\/div>\n\t\t\t\t<\/div>\n\t\t\t\t<div class=\"elementor-element elementor-element-683b66f elementor-widget elementor-widget-image-gallery\" data-id=\"683b66f\" data-element_type=\"widget\" data-e-type=\"widget\" data-widget_type=\"image-gallery.default\">\n\t\t\t\t<div class=\"elementor-widget-container\">\n\t\t\t\t\t\t\t<div class=\"elementor-image-gallery\">\n\t\t\t<div id='gallery-1' class='gallery galleryid-32 gallery-columns-5 gallery-size-medium_large'><figure class='gallery-item'>\n\t\t\t<div class='gallery-icon portrait'>\n\t\t\t\t<a data-elementor-open-lightbox=\"yes\" data-elementor-lightbox-slideshow=\"683b66f\" data-elementor-lightbox-title=\"affiche E Beaujard La gaerie Viroflay\" data-e-action-hash=\"#elementor-action%3Aaction%3Dlightbox%26settings%3DeyJpZCI6MjIwMCwidXJsIjoiaHR0cHM6XC9cL2VsemJpZXRhLWJlYXVqYXJkLmNvbVwvd3AtY29udGVudFwvdXBsb2Fkc1wvMjAyNlwvMDJcL2FmZmljaGUtRS1CZWF1amFyZC1MYS1nYWxlcmllLVZpcm9mbGF5LU9LLWpwZ19FQi0xLmpwZyIsInNsaWRlc2hvdyI6IjY4M2I2NmYifQ%3D%3D\" href='https:\/\/elzbieta-beaujard.com\/wp-content\/uploads\/2026\/02\/affiche-E-Beaujard-La-galerie-Viroflay-OK-jpg_EB-1.jpg'><img fetchpriority=\"high\" decoding=\"async\" width=\"525\" height=\"742\" src=\"https:\/\/elzbieta-beaujard.com\/wp-content\/uploads\/2026\/02\/affiche-E-Beaujard-La-galerie-Viroflay-OK-jpg_EB-1-768x1086.jpg\" class=\"attachment-medium_large size-medium_large\" alt=\"\" srcset=\"https:\/\/elzbieta-beaujard.com\/wp-content\/uploads\/2026\/02\/affiche-E-Beaujard-La-galerie-Viroflay-OK-jpg_EB-1-768x1086.jpg 768w, https:\/\/elzbieta-beaujard.com\/wp-content\/uploads\/2026\/02\/affiche-E-Beaujard-La-galerie-Viroflay-OK-jpg_EB-1-212x300.jpg 212w, https:\/\/elzbieta-beaujard.com\/wp-content\/uploads\/2026\/02\/affiche-E-Beaujard-La-galerie-Viroflay-OK-jpg_EB-1-724x1024.jpg 724w, https:\/\/elzbieta-beaujard.com\/wp-content\/uploads\/2026\/02\/affiche-E-Beaujard-La-galerie-Viroflay-OK-jpg_EB-1-100x141.jpg 100w, https:\/\/elzbieta-beaujard.com\/wp-content\/uploads\/2026\/02\/affiche-E-Beaujard-La-galerie-Viroflay-OK-jpg_EB-1.jpg 849w\" sizes=\"(max-width: 525px) 100vw, 525px\" \/><\/a>\n\t\t\t<\/div><\/figure><figure class='gallery-item'>\n\t\t\t<div class='gallery-icon portrait'>\n\t\t\t\t<a data-elementor-open-lightbox=\"yes\" data-elementor-lightbox-slideshow=\"683b66f\" data-elementor-lightbox-title=\"4\" data-e-action-hash=\"#elementor-action%3Aaction%3Dlightbox%26settings%3DeyJpZCI6NTAyLCJ1cmwiOiJodHRwczpcL1wvZWx6YmlldGEtYmVhdWphcmQuY29tXC93cC1jb250ZW50XC91cGxvYWRzXC8yMDI0XC8wNFwvNC5qcGciLCJzbGlkZXNob3ciOiI2ODNiNjZmIn0%3D\" href='https:\/\/elzbieta-beaujard.com\/wp-content\/uploads\/2024\/04\/4.jpg'><img decoding=\"async\" width=\"252\" height=\"356\" src=\"https:\/\/elzbieta-beaujard.com\/wp-content\/uploads\/2024\/04\/4.jpg\" class=\"attachment-medium_large size-medium_large\" alt=\"\" srcset=\"https:\/\/elzbieta-beaujard.com\/wp-content\/uploads\/2024\/04\/4.jpg 252w, https:\/\/elzbieta-beaujard.com\/wp-content\/uploads\/2024\/04\/4-212x300.jpg 212w\" sizes=\"(max-width: 252px) 100vw, 252px\" \/><\/a>\n\t\t\t<\/div><\/figure><figure class='gallery-item'>\n\t\t\t<div class='gallery-icon portrait'>\n\t\t\t\t<a data-elementor-open-lightbox=\"yes\" data-elementor-lightbox-slideshow=\"683b66f\" data-elementor-lightbox-title=\"5\" data-e-action-hash=\"#elementor-action%3Aaction%3Dlightbox%26settings%3DeyJpZCI6NTAzLCJ1cmwiOiJodHRwczpcL1wvZWx6YmlldGEtYmVhdWphcmQuY29tXC93cC1jb250ZW50XC91cGxvYWRzXC8yMDI0XC8wNFwvNS5qcGciLCJzbGlkZXNob3ciOiI2ODNiNjZmIn0%3D\" href='https:\/\/elzbieta-beaujard.com\/wp-content\/uploads\/2024\/04\/5.jpg'><img decoding=\"async\" width=\"252\" height=\"356\" src=\"https:\/\/elzbieta-beaujard.com\/wp-content\/uploads\/2024\/04\/5.jpg\" class=\"attachment-medium_large size-medium_large\" alt=\"\" srcset=\"https:\/\/elzbieta-beaujard.com\/wp-content\/uploads\/2024\/04\/5.jpg 252w, https:\/\/elzbieta-beaujard.com\/wp-content\/uploads\/2024\/04\/5-212x300.jpg 212w\" sizes=\"(max-width: 252px) 100vw, 252px\" \/><\/a>\n\t\t\t<\/div><\/figure><figure class='gallery-item'>\n\t\t\t<div class='gallery-icon portrait'>\n\t\t\t\t<a data-elementor-open-lightbox=\"yes\" data-elementor-lightbox-slideshow=\"683b66f\" data-elementor-lightbox-title=\"6\" data-e-action-hash=\"#elementor-action%3Aaction%3Dlightbox%26settings%3DeyJpZCI6NTA0LCJ1cmwiOiJodHRwczpcL1wvZWx6YmlldGEtYmVhdWphcmQuY29tXC93cC1jb250ZW50XC91cGxvYWRzXC8yMDI0XC8wNFwvNi5qcGciLCJzbGlkZXNob3ciOiI2ODNiNjZmIn0%3D\" href='https:\/\/elzbieta-beaujard.com\/wp-content\/uploads\/2024\/04\/6.jpg'><img loading=\"lazy\" decoding=\"async\" width=\"198\" height=\"256\" src=\"https:\/\/elzbieta-beaujard.com\/wp-content\/uploads\/2024\/04\/6.jpg\" class=\"attachment-medium_large size-medium_large\" alt=\"\" \/><\/a>\n\t\t\t<\/div><\/figure><figure class='gallery-item'>\n\t\t\t<div class='gallery-icon portrait'>\n\t\t\t\t<a data-elementor-open-lightbox=\"yes\" data-elementor-lightbox-slideshow=\"683b66f\" data-elementor-lightbox-title=\"7\" data-e-action-hash=\"#elementor-action%3Aaction%3Dlightbox%26settings%3DeyJpZCI6NTA1LCJ1cmwiOiJodHRwczpcL1wvZWx6YmlldGEtYmVhdWphcmQuY29tXC93cC1jb250ZW50XC91cGxvYWRzXC8yMDI0XC8wNFwvNy5wbmciLCJzbGlkZXNob3ciOiI2ODNiNjZmIn0%3D\" href='https:\/\/elzbieta-beaujard.com\/wp-content\/uploads\/2024\/04\/7.png'><img loading=\"lazy\" decoding=\"async\" width=\"252\" height=\"356\" src=\"https:\/\/elzbieta-beaujard.com\/wp-content\/uploads\/2024\/04\/7.png\" class=\"attachment-medium_large size-medium_large\" alt=\"\" srcset=\"https:\/\/elzbieta-beaujard.com\/wp-content\/uploads\/2024\/04\/7.png 252w, https:\/\/elzbieta-beaujard.com\/wp-content\/uploads\/2024\/04\/7-212x300.png 212w\" sizes=\"(max-width: 252px) 100vw, 252px\" \/><\/a>\n\t\t\t<\/div><\/figure><figure class='gallery-item'>\n\t\t\t<div class='gallery-icon portrait'>\n\t\t\t\t<a data-elementor-open-lightbox=\"yes\" data-elementor-lightbox-slideshow=\"683b66f\" data-elementor-lightbox-title=\"8\" data-e-action-hash=\"#elementor-action%3Aaction%3Dlightbox%26settings%3DeyJpZCI6NTA2LCJ1cmwiOiJodHRwczpcL1wvZWx6YmlldGEtYmVhdWphcmQuY29tXC93cC1jb250ZW50XC91cGxvYWRzXC8yMDI0XC8wNFwvOC5qcGciLCJzbGlkZXNob3ciOiI2ODNiNjZmIn0%3D\" href='https:\/\/elzbieta-beaujard.com\/wp-content\/uploads\/2024\/04\/8.jpg'><img loading=\"lazy\" decoding=\"async\" width=\"261\" height=\"548\" src=\"https:\/\/elzbieta-beaujard.com\/wp-content\/uploads\/2024\/04\/8.jpg\" class=\"attachment-medium_large size-medium_large\" alt=\"\" srcset=\"https:\/\/elzbieta-beaujard.com\/wp-content\/uploads\/2024\/04\/8.jpg 261w, https:\/\/elzbieta-beaujard.com\/wp-content\/uploads\/2024\/04\/8-143x300.jpg 143w\" sizes=\"(max-width: 261px) 100vw, 261px\" \/><\/a>\n\t\t\t<\/div><\/figure><figure class='gallery-item'>\n\t\t\t<div class='gallery-icon portrait'>\n\t\t\t\t<a data-elementor-open-lightbox=\"yes\" data-elementor-lightbox-slideshow=\"683b66f\" data-elementor-lightbox-title=\"9\" data-e-action-hash=\"#elementor-action%3Aaction%3Dlightbox%26settings%3DeyJpZCI6NTA3LCJ1cmwiOiJodHRwczpcL1wvZWx6YmlldGEtYmVhdWphcmQuY29tXC93cC1jb250ZW50XC91cGxvYWRzXC8yMDI0XC8wNFwvOS5qcGciLCJzbGlkZXNob3ciOiI2ODNiNjZmIn0%3D\" href='https:\/\/elzbieta-beaujard.com\/wp-content\/uploads\/2024\/04\/9.jpg'><img loading=\"lazy\" decoding=\"async\" width=\"252\" height=\"361\" src=\"https:\/\/elzbieta-beaujard.com\/wp-content\/uploads\/2024\/04\/9.jpg\" class=\"attachment-medium_large size-medium_large\" alt=\"\" srcset=\"https:\/\/elzbieta-beaujard.com\/wp-content\/uploads\/2024\/04\/9.jpg 252w, https:\/\/elzbieta-beaujard.com\/wp-content\/uploads\/2024\/04\/9-209x300.jpg 209w\" sizes=\"(max-width: 252px) 100vw, 252px\" \/><\/a>\n\t\t\t<\/div><\/figure><figure class='gallery-item'>\n\t\t\t<div class='gallery-icon portrait'>\n\t\t\t\t<a data-elementor-open-lightbox=\"yes\" data-elementor-lightbox-slideshow=\"683b66f\" data-elementor-lightbox-title=\"affiche Beaugency_EB\" data-e-action-hash=\"#elementor-action%3Aaction%3Dlightbox%26settings%3DeyJpZCI6MTU1NSwidXJsIjoiaHR0cHM6XC9cL2VsemJpZXRhLWJlYXVqYXJkLmNvbVwvd3AtY29udGVudFwvdXBsb2Fkc1wvMjAyNFwvMDRcL2FmZmljaGUtQmVhdWdlbmN5X0VCLmpwZyIsInNsaWRlc2hvdyI6IjY4M2I2NmYifQ%3D%3D\" href='https:\/\/elzbieta-beaujard.com\/wp-content\/uploads\/2024\/04\/affiche-Beaugency_EB.jpg'><img loading=\"lazy\" decoding=\"async\" width=\"525\" height=\"679\" src=\"https:\/\/elzbieta-beaujard.com\/wp-content\/uploads\/2024\/04\/affiche-Beaugency_EB-768x994.jpg\" class=\"attachment-medium_large size-medium_large\" alt=\"\" srcset=\"https:\/\/elzbieta-beaujard.com\/wp-content\/uploads\/2024\/04\/affiche-Beaugency_EB-768x994.jpg 768w, https:\/\/elzbieta-beaujard.com\/wp-content\/uploads\/2024\/04\/affiche-Beaugency_EB-232x300.jpg 232w, https:\/\/elzbieta-beaujard.com\/wp-content\/uploads\/2024\/04\/affiche-Beaugency_EB-791x1024.jpg 791w, https:\/\/elzbieta-beaujard.com\/wp-content\/uploads\/2024\/04\/affiche-Beaugency_EB.jpg 927w\" sizes=\"(max-width: 525px) 100vw, 525px\" \/><\/a>\n\t\t\t<\/div><\/figure><figure class='gallery-item'>\n\t\t\t<div class='gallery-icon portrait'>\n\t\t\t\t<a data-elementor-open-lightbox=\"yes\" data-elementor-lightbox-slideshow=\"683b66f\" data-elementor-lightbox-title=\"Affiche ELZBIETA BEAUJARD_EB\" data-e-action-hash=\"#elementor-action%3Aaction%3Dlightbox%26settings%3DeyJpZCI6MTU1NiwidXJsIjoiaHR0cHM6XC9cL2VsemJpZXRhLWJlYXVqYXJkLmNvbVwvd3AtY29udGVudFwvdXBsb2Fkc1wvMjAyNFwvMDRcL0FmZmljaGUtRUxaQklFVEEtQkVBVUpBUkRfRUIuanBnIiwic2xpZGVzaG93IjoiNjgzYjY2ZiJ9\" href='https:\/\/elzbieta-beaujard.com\/wp-content\/uploads\/2024\/04\/Affiche-ELZBIETA-BEAUJARD_EB.jpg'><img loading=\"lazy\" decoding=\"async\" width=\"525\" height=\"743\" src=\"https:\/\/elzbieta-beaujard.com\/wp-content\/uploads\/2024\/04\/Affiche-ELZBIETA-BEAUJARD_EB-768x1087.jpg\" class=\"attachment-medium_large size-medium_large\" alt=\"\" srcset=\"https:\/\/elzbieta-beaujard.com\/wp-content\/uploads\/2024\/04\/Affiche-ELZBIETA-BEAUJARD_EB-768x1087.jpg 768w, https:\/\/elzbieta-beaujard.com\/wp-content\/uploads\/2024\/04\/Affiche-ELZBIETA-BEAUJARD_EB-212x300.jpg 212w, https:\/\/elzbieta-beaujard.com\/wp-content\/uploads\/2024\/04\/Affiche-ELZBIETA-BEAUJARD_EB-724x1024.jpg 724w, https:\/\/elzbieta-beaujard.com\/wp-content\/uploads\/2024\/04\/Affiche-ELZBIETA-BEAUJARD_EB.jpg 848w\" sizes=\"(max-width: 525px) 100vw, 525px\" \/><\/a>\n\t\t\t<\/div><\/figure><figure class='gallery-item'>\n\t\t\t<div class='gallery-icon portrait'>\n\t\t\t\t<a data-elementor-open-lightbox=\"yes\" data-elementor-lightbox-slideshow=\"683b66f\" data-elementor-lightbox-title=\"affiche r\u00e9sidence du Parc_EB\" data-e-action-hash=\"#elementor-action%3Aaction%3Dlightbox%26settings%3DeyJpZCI6MTU1NywidXJsIjoiaHR0cHM6XC9cL2VsemJpZXRhLWJlYXVqYXJkLmNvbVwvd3AtY29udGVudFwvdXBsb2Fkc1wvMjAyNFwvMDRcL2FmZmljaGUtcmVzaWRlbmNlLWR1LVBhcmNfRUIuanBnIiwic2xpZGVzaG93IjoiNjgzYjY2ZiJ9\" href='https:\/\/elzbieta-beaujard.com\/wp-content\/uploads\/2024\/04\/affiche-residence-du-Parc_EB.jpg'><img loading=\"lazy\" decoding=\"async\" width=\"525\" height=\"742\" src=\"https:\/\/elzbieta-beaujard.com\/wp-content\/uploads\/2024\/04\/affiche-residence-du-Parc_EB-768x1086.jpg\" class=\"attachment-medium_large size-medium_large\" alt=\"\" srcset=\"https:\/\/elzbieta-beaujard.com\/wp-content\/uploads\/2024\/04\/affiche-residence-du-Parc_EB-768x1086.jpg 768w, https:\/\/elzbieta-beaujard.com\/wp-content\/uploads\/2024\/04\/affiche-residence-du-Parc_EB-212x300.jpg 212w, https:\/\/elzbieta-beaujard.com\/wp-content\/uploads\/2024\/04\/affiche-residence-du-Parc_EB-724x1024.jpg 724w, https:\/\/elzbieta-beaujard.com\/wp-content\/uploads\/2024\/04\/affiche-residence-du-Parc_EB.jpg 849w\" sizes=\"(max-width: 525px) 100vw, 525px\" \/><\/a>\n\t\t\t<\/div><\/figure><figure class='gallery-item'>\n\t\t\t<div class='gallery-icon portrait'>\n\t\t\t\t<a data-elementor-open-lightbox=\"yes\" data-elementor-lightbox-slideshow=\"683b66f\" data-elementor-lightbox-title=\"AP-Huisseau-Affiche2021-724x1024_EB\" data-e-action-hash=\"#elementor-action%3Aaction%3Dlightbox%26settings%3DeyJpZCI6MTU1OCwidXJsIjoiaHR0cHM6XC9cL2VsemJpZXRhLWJlYXVqYXJkLmNvbVwvd3AtY29udGVudFwvdXBsb2Fkc1wvMjAyNFwvMDRcL0FQLUh1aXNzZWF1LUFmZmljaGUyMDIxLTcyNHgxMDI0X0VCLmpwZyIsInNsaWRlc2hvdyI6IjY4M2I2NmYifQ%3D%3D\" href='https:\/\/elzbieta-beaujard.com\/wp-content\/uploads\/2024\/04\/AP-Huisseau-Affiche2021-724x1024_EB.jpg'><img loading=\"lazy\" decoding=\"async\" width=\"525\" height=\"743\" src=\"https:\/\/elzbieta-beaujard.com\/wp-content\/uploads\/2024\/04\/AP-Huisseau-Affiche2021-724x1024_EB-768x1087.jpg\" class=\"attachment-medium_large size-medium_large\" alt=\"\" srcset=\"https:\/\/elzbieta-beaujard.com\/wp-content\/uploads\/2024\/04\/AP-Huisseau-Affiche2021-724x1024_EB-768x1087.jpg 768w, https:\/\/elzbieta-beaujard.com\/wp-content\/uploads\/2024\/04\/AP-Huisseau-Affiche2021-724x1024_EB-212x300.jpg 212w, https:\/\/elzbieta-beaujard.com\/wp-content\/uploads\/2024\/04\/AP-Huisseau-Affiche2021-724x1024_EB-724x1024.jpg 724w, https:\/\/elzbieta-beaujard.com\/wp-content\/uploads\/2024\/04\/AP-Huisseau-Affiche2021-724x1024_EB.jpg 848w\" sizes=\"(max-width: 525px) 100vw, 525px\" \/><\/a>\n\t\t\t<\/div><\/figure><figure class='gallery-item'>\n\t\t\t<div class='gallery-icon portrait'>\n\t\t\t\t<a data-elementor-open-lightbox=\"yes\" data-elementor-lightbox-slideshow=\"683b66f\" data-elementor-lightbox-title=\"BEAUJARD_EB\" data-e-action-hash=\"#elementor-action%3Aaction%3Dlightbox%26settings%3DeyJpZCI6MTU1OSwidXJsIjoiaHR0cHM6XC9cL2VsemJpZXRhLWJlYXVqYXJkLmNvbVwvd3AtY29udGVudFwvdXBsb2Fkc1wvMjAyNFwvMDRcL0JFQVVKQVJEX0VCLmpwZyIsInNsaWRlc2hvdyI6IjY4M2I2NmYifQ%3D%3D\" href='https:\/\/elzbieta-beaujard.com\/wp-content\/uploads\/2024\/04\/BEAUJARD_EB.jpg'><img loading=\"lazy\" decoding=\"async\" width=\"525\" height=\"740\" src=\"https:\/\/elzbieta-beaujard.com\/wp-content\/uploads\/2024\/04\/BEAUJARD_EB-768x1083.jpg\" class=\"attachment-medium_large size-medium_large\" alt=\"\" srcset=\"https:\/\/elzbieta-beaujard.com\/wp-content\/uploads\/2024\/04\/BEAUJARD_EB-768x1083.jpg 768w, https:\/\/elzbieta-beaujard.com\/wp-content\/uploads\/2024\/04\/BEAUJARD_EB-213x300.jpg 213w, https:\/\/elzbieta-beaujard.com\/wp-content\/uploads\/2024\/04\/BEAUJARD_EB-726x1024.jpg 726w, https:\/\/elzbieta-beaujard.com\/wp-content\/uploads\/2024\/04\/BEAUJARD_EB.jpg 851w\" sizes=\"(max-width: 525px) 100vw, 525px\" \/><\/a>\n\t\t\t<\/div><\/figure><figure class='gallery-item'>\n\t\t\t<div class='gallery-icon portrait'>\n\t\t\t\t<a data-elementor-open-lightbox=\"yes\" data-elementor-lightbox-slideshow=\"683b66f\" data-elementor-lightbox-title=\"ERYA-Dreux2021-AfficheA4_EB\" data-e-action-hash=\"#elementor-action%3Aaction%3Dlightbox%26settings%3DeyJpZCI6MTU2MCwidXJsIjoiaHR0cHM6XC9cL2VsemJpZXRhLWJlYXVqYXJkLmNvbVwvd3AtY29udGVudFwvdXBsb2Fkc1wvMjAyNFwvMDRcL0VSWUEtRHJldXgyMDIxLUFmZmljaGVBNF9FQi5qcGciLCJzbGlkZXNob3ciOiI2ODNiNjZmIn0%3D\" href='https:\/\/elzbieta-beaujard.com\/wp-content\/uploads\/2024\/04\/ERYA-Dreux2021-AfficheA4_EB.jpg'><img loading=\"lazy\" decoding=\"async\" width=\"525\" height=\"742\" src=\"https:\/\/elzbieta-beaujard.com\/wp-content\/uploads\/2024\/04\/ERYA-Dreux2021-AfficheA4_EB-768x1086.jpg\" class=\"attachment-medium_large size-medium_large\" alt=\"\" srcset=\"https:\/\/elzbieta-beaujard.com\/wp-content\/uploads\/2024\/04\/ERYA-Dreux2021-AfficheA4_EB-768x1086.jpg 768w, https:\/\/elzbieta-beaujard.com\/wp-content\/uploads\/2024\/04\/ERYA-Dreux2021-AfficheA4_EB-212x300.jpg 212w, https:\/\/elzbieta-beaujard.com\/wp-content\/uploads\/2024\/04\/ERYA-Dreux2021-AfficheA4_EB-724x1024.jpg 724w, https:\/\/elzbieta-beaujard.com\/wp-content\/uploads\/2024\/04\/ERYA-Dreux2021-AfficheA4_EB.jpg 849w\" sizes=\"(max-width: 525px) 100vw, 525px\" \/><\/a>\n\t\t\t<\/div><\/figure><figure class='gallery-item'>\n\t\t\t<div class='gallery-icon portrait'>\n\t\t\t\t<a data-elementor-open-lightbox=\"yes\" data-elementor-lightbox-slideshow=\"683b66f\" data-elementor-lightbox-title=\"R19-PDM-affiche_EB\" data-e-action-hash=\"#elementor-action%3Aaction%3Dlightbox%26settings%3DeyJpZCI6MTU2MSwidXJsIjoiaHR0cHM6XC9cL2VsemJpZXRhLWJlYXVqYXJkLmNvbVwvd3AtY29udGVudFwvdXBsb2Fkc1wvMjAyNFwvMDRcL1IxOS1QRE0tYWZmaWNoZV9FQi5qcGciLCJzbGlkZXNob3ciOiI2ODNiNjZmIn0%3D\" href='https:\/\/elzbieta-beaujard.com\/wp-content\/uploads\/2024\/04\/R19-PDM-affiche_EB.jpg'><img loading=\"lazy\" decoding=\"async\" width=\"525\" height=\"743\" src=\"https:\/\/elzbieta-beaujard.com\/wp-content\/uploads\/2024\/04\/R19-PDM-affiche_EB-768x1087.jpg\" class=\"attachment-medium_large size-medium_large\" alt=\"\" srcset=\"https:\/\/elzbieta-beaujard.com\/wp-content\/uploads\/2024\/04\/R19-PDM-affiche_EB-768x1087.jpg 768w, https:\/\/elzbieta-beaujard.com\/wp-content\/uploads\/2024\/04\/R19-PDM-affiche_EB-212x300.jpg 212w, https:\/\/elzbieta-beaujard.com\/wp-content\/uploads\/2024\/04\/R19-PDM-affiche_EB-724x1024.jpg 724w, https:\/\/elzbieta-beaujard.com\/wp-content\/uploads\/2024\/04\/R19-PDM-affiche_EB.jpg 848w\" sizes=\"(max-width: 525px) 100vw, 525px\" \/><\/a>\n\t\t\t<\/div><\/figure>\n\t\t<\/div>\n\t\t<\/div>\n\t\t\t\t\t\t<\/div>\n\t\t\t\t<\/div>\n\t\t\t\t<div class=\"elementor-element elementor-element-0e1549f elementor-widget elementor-widget-spacer\" data-id=\"0e1549f\" data-element_type=\"widget\" data-e-type=\"widget\" data-widget_type=\"spacer.default\">\n\t\t\t\t<div class=\"elementor-widget-container\">\n\t\t\t\t\t\t\t<div class=\"elementor-spacer\">\n\t\t\t<div class=\"elementor-spacer-inner\"><\/div>\n\t\t<\/div>\n\t\t\t\t\t\t<\/div>\n\t\t\t\t<\/div>\n\t\t\t\t\t<\/div>\n\t\t\t\t<\/div>\n\t\t<div class=\"elementor-element elementor-element-03b16a1 e-flex e-con-boxed e-con e-parent\" data-id=\"03b16a1\" data-element_type=\"container\" data-e-type=\"container\">\n\t\t\t\t\t<div class=\"e-con-inner\">\n\t\t<div class=\"elementor-element elementor-element-1125dac e-con-full e-flex e-con e-child\" data-id=\"1125dac\" data-element_type=\"container\" data-e-type=\"container\">\n\t\t\t\t<\/div>\n\t\t<div class=\"elementor-element elementor-element-921cf30 e-con-full e-flex e-con e-child\" data-id=\"921cf30\" data-element_type=\"container\" data-e-type=\"container\">\n\t\t\t\t<div class=\"elementor-element elementor-element-14ccd44 elementor-widget elementor-widget-spacer\" data-id=\"14ccd44\" data-element_type=\"widget\" data-e-type=\"widget\" data-widget_type=\"spacer.default\">\n\t\t\t\t<div class=\"elementor-widget-container\">\n\t\t\t\t\t\t\t<div class=\"elementor-spacer\">\n\t\t\t<div class=\"elementor-spacer-inner\"><\/div>\n\t\t<\/div>\n\t\t\t\t\t\t<\/div>\n\t\t\t\t<\/div>\n\t\t\t\t<div class=\"elementor-element elementor-element-77e2d20 elementor-widget elementor-widget-heading\" data-id=\"77e2d20\" data-element_type=\"widget\" data-e-type=\"widget\" data-widget_type=\"heading.default\">\n\t\t\t\t<div class=\"elementor-widget-container\">\n\t\t\t\t\t<h6 class=\"elementor-heading-title elementor-size-default\">EXPOSITIONS COLLECTIVES<\/h6>\t\t\t\t<\/div>\n\t\t\t\t<\/div>\n\t\t\t\t<div class=\"elementor-element elementor-element-0ff92b1 elementor-widget elementor-widget-spacer\" data-id=\"0ff92b1\" data-element_type=\"widget\" data-e-type=\"widget\" data-widget_type=\"spacer.default\">\n\t\t\t\t<div class=\"elementor-widget-container\">\n\t\t\t\t\t\t\t<div class=\"elementor-spacer\">\n\t\t\t<div class=\"elementor-spacer-inner\"><\/div>\n\t\t<\/div>\n\t\t\t\t\t\t<\/div>\n\t\t\t\t<\/div>\n\t\t\t\t<div class=\"elementor-element elementor-element-2308e8b elementor-invisible elementor-widget elementor-widget-text-editor\" data-id=\"2308e8b\" data-element_type=\"widget\" data-e-type=\"widget\" data-settings=\"{&quot;_animation&quot;:&quot;fadeIn&quot;,&quot;_animation_delay&quot;:400}\" data-widget_type=\"text-editor.default\">\n\t\t\t\t<div class=\"elementor-widget-container\">\n\t\t\t\t\t\t\t\t\t<h5>2026<\/h5><ul><li>Salon du livre avec les auteurs 7e Ciel &#8211; Ch\u00e2teau \u00e0 Lailly en Val (95)<\/li><li>Expo 100% artistes femmes &#8211; Ch\u00e2teau \u00e0 Saint Jean Le Blanc (45)<\/li><li>Salon Inner wheel art show &#8211; serre du Jardin des plantes \u00e0 Orl\u00e9ans (45)<\/li><li>Salon international art et peinture \u00e0 Bourges (18)<\/li><li>Salon du livre objet \u00e0 Meung sur Loire (45)<\/li><li>Festival d&rsquo;Arts anim\u00e9s et cr\u00e9ations \u00e0 Meung-sur-Loire (45)<\/li><\/ul><h5>2025<\/h5><ul><li>Salon des Anonymes, Ch\u00e2teau de Saint-Jean-le Blanc (45)<\/li><li>Couleurs et Formes, Saint-Gondon (45)<\/li><li>Galerie La tour St Etienne, Orl\u00e9ans (45)<\/li><li>Salon des Artistes Orl\u00e9anais (45)<\/li><li>Traces,\u00a0 Dreux (28)<\/li><li>Fest-Ay-Val de l\u2019art, Saint-Ay (45)<\/li><li>Salon artistique solidaire \u00ab R\u00eaves d\u2019enfants\u00a0\u00bb, Orl\u00e9ans (45)<\/li><li><p>Salon artistique \u00ab\u00a0sans titre\u00a0\u00bb, Ingr\u00e9 (45)<\/p><\/li><\/ul><h5>2024<\/h5><ul><li>Salon des Artistes Orl\u00e9anais<\/li><li>Les Rendez-vous de l\u2019Histoire \u00e0 Blois<\/li><li>Salon du livre \u00e0 la Serre d\u2019Orl\u00e9ans<\/li><li>Salon du livre avec les auteurs 7e Ciel au caf\u00e9 Chez Elles \u00e0 Tavers<\/li><li>Salon Arts et solidarit\u00e9 \u2013 Maison des Associations \u00e0 Orl\u00e9ans<\/li><li>Les Cimaises d\u2019Ingr\u00e9<\/li><li>Fest\u2019Ay Val (salon art et livres) \u00e0 Saint-Ay<\/li><\/ul><h5>2023<\/h5><ul><li>Art en vitrines &#8211; Meung-sur-Loire\u00a0<\/li><li>Exposition des Amis des Arts \u00e0 Ermont (95)<\/li><li>Salon Adacao &#8211; Olivet (45)<\/li><li>Salon des Anonymes &#8211; ch\u00e2teau de St-Jean-Le-Blanc (45)<\/li><li>Salon arts et salon du livre &#8211; Sully (45)<\/li><\/ul><h5><strong>2022<\/strong><\/h5><ul><li>Exposition des Amis des Arts \u00e0 Ermont (95)<\/li><li>Le Printemps de Po\u00e8tes au ch\u00e2teau de Mosny \u00e0 Saint-Martin le Beau (47)<\/li><li>Festive \u00e0 Meung sur Loire (45)<\/li><li>F\u00eate des Peintres \u00e0 Montr\u00e9sor (41)<\/li><li>Vide ateliers d&rsquo;artistes \u00e0 Brou (28)<\/li><li>Art en vi trines \u00e0 Meung-sur-Loire (45)<\/li><li>Formes et couleurs \u00e0 Chartres (28)<\/li><li>Couleurs avec Sans Titre \u00e0 Ingr\u00e9 (45)<\/li><li>S\u00e9r\u00e9nit\u00e9 avec Les Anonymes \u00e0 St Jean le Blanc (45)<\/li><li>Exposition avec ADACAO \u00e0 Olivet (45)<\/li><li>exposition \u00e0 la r\u00e9sidence Arpavie La Cigogne \u00e0 Orl\u00e9ans<\/li><\/ul><h5>2021<\/h5><ul><li>Elles au Centre \u00e0 Meung-sur-Loire<\/li><li>Exposition Traces \u00e0 Dreux avec Erya<\/li><li>Les Anonymes \u00e0 La Tr\u00e9sorerie \u00e0 St Pryv\u00e9 St Mesmin (45)<\/li><li>L&rsquo;Estive \u00e0 Meung sur loire<\/li><li>Exposition Portrait de ville \u00e0 Ingr\u00e9 (45)<\/li><li>Le rdv des artistes \u00e0 Mer (41)<\/li><li>Art et patrimoine \u00e0 Huisseau-sur-Mauves (45) avec Erya<\/li><li>Exposition Formes et couleurs \u00e0 la Coll\u00e9giale St Andr\u00e9 \u00e0 Chartres<\/li><li>Art en vi trines \u00e0 Meung-sur-Loire (45)<\/li><li>Contraste(S) \u00e0 Lorris (45)<\/li><li>Portes ouvertes de mon atelier d&rsquo;artiste \u00e0 Meung-sur-Loire<\/li><li>salon Tableaux d&rsquo;automne \u00e0 La Ville aux Dames (37)<\/li><li>salon au ch\u00e2teau de St Jean Le Blanc (45) avec les Anonymes<\/li><li>salon annuel \u00e0 Olivet (45) avec l&rsquo;ADACAO<\/li><\/ul><h5>2020<\/h5><ul><li>Salon de Peinture et Sculpture \u00e0 Ballan-Mir\u00e9 (37)<\/li><li>Salon Comparaisons au Grand Palais \u00e0 Paris<\/li><li>Exposition Elles au centre \u00e0 Meung-sur-Loire (45)<\/li><li>39e Salon artistique r\u00e9gional de la Vall\u00e9e de l&rsquo;Eure &#8211; Maintenon-Pierres<\/li><li>Portes ouvertes des ateliers du Loiret &#8211; Meung sur Loire<\/li><\/ul><h5>2019<\/h5><ul><li>Salon de peinture l\u2019Archipel \u00ab Promenade sous les toiles \u00bb \u00e0 Fouesnant les Gl\u00e9nan (29)<\/li><li>Salon international artistique de Haute Loire \u00e0 Puy en Velay (43)<\/li><li>L\u2019Estive \u00e0 Meung-sur-Loire (45)<\/li><li>Rendez-vous des artistes \u00e0 Mer (45)<\/li><li>Portes ouvertes des ateliers d&rsquo;artistes et artisans d&rsquo;art du Loiret \u00e0 Meung-sur-Loire (45)<\/li><li>Expositions \u00ab\u00a0Des Anonymes\u00a0\u00bb &#8211; th\u00e8me Contrastes au Ch\u00e2teau de Saint-Jean-le-Blanc (45)<\/li><\/ul><h5>2018<\/h5><ul><li>Salon Comparaisons au Grand Palais \u00e0 Paris<\/li><li>Salon des Arts \u00ab Collections \u00bb \u00e0 Ingr\u00e9 (45)<\/li><li>Salon des arts de Plaisir (78)<\/li><\/ul><h5>2017<\/h5><ul><li>Salon des Arts \u00ab Ombres et Lumi\u00e8res \u00bb \u00e0 Ingr\u00e9 (45)<\/li><li>Salon international des Arts &#8211; Galerie de Nesle \u00e0 Paris<\/li><li>Rendez-vous des na\u00effs \u00e0 Verneuil sur Avre (27)<\/li><li>Galerie La Spirale &#8211; Maison de l\u2019Am\u00e9rique Latine \u00e0 Bruxelles<\/li><li>Salon ADACAO \u00e0 Olivet (45)<\/li><li>Galerie Rue des Arts \u00e0 Carla-Bayle (09)<\/li><\/ul><h5>2016<\/h5><ul><li>Salon des Arts \u00ab Terre et lumi\u00e8res \u00bb \u00e0 Ingr\u00e9 (45)<\/li><li>Festival international d\u2019art na\u00eff \u00e0 Katowice (Pologne)<\/li><li>Gutman Art Galerie \u00e0 Berlin<\/li><li>March\u00e9 de l\u2019Art \u00e0 Artenay (45)<\/li><\/ul><h5>2015<\/h5><ul><li>Rendez-vous des Na\u00effs \u00e0 Verneuil sur Avre (27)<\/li><li>Festival international d\u2019art na\u00eff \u00e0 Katowice (Pologne)<\/li><\/ul><h5>2014<\/h5><ul><li>Biennale d\u2019art na\u00eff et singulier \u00e0 Saint-Junien (87)<\/li><\/ul>\t\t\t\t\t\t\t\t<\/div>\n\t\t\t\t<\/div>\n\t\t\t\t<\/div>\n\t\t<div class=\"elementor-element elementor-element-54e8e5a e-con-full e-flex e-con e-child\" data-id=\"54e8e5a\" data-element_type=\"container\" data-e-type=\"container\">\n\t\t\t\t<\/div>\n\t\t\t\t\t<\/div>\n\t\t\t\t<\/div>\n\t\t<div class=\"elementor-element elementor-element-f60c99d e-grid e-con-boxed e-con e-parent\" data-id=\"f60c99d\" data-element_type=\"container\" data-e-type=\"container\">\n\t\t\t\t\t<div class=\"e-con-inner\">\n\t\t\t\t<div class=\"elementor-element elementor-element-1cd71b0 elementor-widget elementor-widget-spacer\" data-id=\"1cd71b0\" data-element_type=\"widget\" data-e-type=\"widget\" data-widget_type=\"spacer.default\">\n\t\t\t\t<div class=\"elementor-widget-container\">\n\t\t\t\t\t\t\t<div class=\"elementor-spacer\">\n\t\t\t<div class=\"elementor-spacer-inner\"><\/div>\n\t\t<\/div>\n\t\t\t\t\t\t<\/div>\n\t\t\t\t<\/div>\n\t\t\t\t\t<\/div>\n\t\t\t\t<\/div>\n\t\t<div class=\"elementor-element elementor-element-2b34675 e-flex e-con-boxed e-con e-parent\" data-id=\"2b34675\" data-element_type=\"container\" data-e-type=\"container\" data-settings=\"{&quot;background_background&quot;:&quot;slideshow&quot;,&quot;background_slideshow_gallery&quot;:[{&quot;id&quot;:622,&quot;url&quot;:&quot;http:\\\/\\\/elzbieta-beaujard.com\\\/wp-content\\\/uploads\\\/2024\\\/04\\\/cropped-Une-famille-d-arbres-Jules-Renard_4000-scaled-1.jpg&quot;}],&quot;background_slideshow_loop&quot;:&quot;yes&quot;,&quot;background_slideshow_slide_duration&quot;:5000,&quot;background_slideshow_slide_transition&quot;:&quot;fade&quot;,&quot;background_slideshow_transition_duration&quot;:500}\">\n\t\t\t\t\t<div class=\"e-con-inner\">\n\t\t\t\t\t<\/div>\n\t\t\t\t<\/div>\n\t\t\t\t<\/div>\n\t\t","protected":false},"excerpt":{"rendered":"<p>quelques mots de pr\u00e9sentation Mon histoire N\u00e9e en Pologne en 1952, je suis arriv\u00e9e en France en 1974 et depuis 2013 j&rsquo;habite dans le Loiret. Deux passions ont toujours guid\u00e9 mes choix : l\u2019\u00e9criture et le dessin. L\u2019une nourrissant l\u2019autre. Apr\u00e8s des \u00e9tudes de journalisme, j\u2019ai travaill\u00e9 dans la communication au sein d&rsquo;entreprises associatives o\u00f9 [&hellip;]<\/p>\n","protected":false},"author":1,"featured_media":0,"parent":0,"menu_order":0,"comment_status":"closed","ping_status":"closed","template":"elementor_header_footer","meta":{"_seopress_robots_primary_cat":"","_seopress_titles_title":"","_seopress_titles_desc":"","_seopress_robots_index":"","iawp_total_views":108,"footnotes":""},"class_list":["post-32","page","type-page","status-publish","hentry"],"_links":{"self":[{"href":"https:\/\/elzbieta-beaujard.com\/index.php\/wp-json\/wp\/v2\/pages\/32","targetHints":{"allow":["GET"]}}],"collection":[{"href":"https:\/\/elzbieta-beaujard.com\/index.php\/wp-json\/wp\/v2\/pages"}],"about":[{"href":"https:\/\/elzbieta-beaujard.com\/index.php\/wp-json\/wp\/v2\/types\/page"}],"author":[{"embeddable":true,"href":"https:\/\/elzbieta-beaujard.com\/index.php\/wp-json\/wp\/v2\/users\/1"}],"replies":[{"embeddable":true,"href":"https:\/\/elzbieta-beaujard.com\/index.php\/wp-json\/wp\/v2\/comments?post=32"}],"version-history":[{"count":317,"href":"https:\/\/elzbieta-beaujard.com\/index.php\/wp-json\/wp\/v2\/pages\/32\/revisions"}],"predecessor-version":[{"id":2230,"href":"https:\/\/elzbieta-beaujard.com\/index.php\/wp-json\/wp\/v2\/pages\/32\/revisions\/2230"}],"wp:attachment":[{"href":"https:\/\/elzbieta-beaujard.com\/index.php\/wp-json\/wp\/v2\/media?parent=32"}],"curies":[{"name":"wp","href":"https:\/\/api.w.org\/{rel}","templated":true}]}}